{"id":2343,"date":"2017-05-12T21:07:29","date_gmt":"2017-05-12T21:07:29","guid":{"rendered":"http:\/\/zdruzenjeborcev-nobmb.si\/?page_id=2343"},"modified":"2021-03-27T23:05:01","modified_gmt":"2021-03-27T23:05:01","slug":"videi","status":"publish","type":"page","link":"https:\/\/zdruzenjeborcev-nobmb.si\/?page_id=2343","title":{"rendered":"Videi"},"content":{"rendered":"<h6>Za vse malo manj mlade nekaj malega nostalgije.<br \/>\nKo klikne\u0161 povezavo TOTI, odpre\u0161 PowerPoint predstavitev, potem samo klikaj ali s smerno pu\u0161\u010dico tipaj!<\/h6>\n<h4><a href=\"https:\/\/zdruzenjeborcev-nobmb.si\/wp-content\/uploads\/2018\/07\/Toti-na\u0161.ppsx\" target=\"_blank\" rel=\"noopener noreferrer\">TOTI-NA\u0160 STARI MARIBOR<\/a><\/h4>\n<hr \/>\n<h6>Poglejmo \u0161e naslednjo PowerPoint predstavitev:<br \/>\nDan spomina na mrtve,<\/h6>\n<h4><a href=\"https:\/\/zdruzenjeborcev-nobmb.si\/wp-content\/uploads\/2018\/09\/Komemoracija-2017.ppsx\" target=\"_blank\" rel=\"noopener noreferrer\">KOMEMORACIJA 2017<\/a><\/h4>\n<hr \/>\n<h6>In \u0161e ve\u010d jih je, na pr.<\/h6>\n<h4><a href=\"https:\/\/zdruzenjeborcev-nobmb.si\/wp-content\/uploads\/2018\/03\/Marjan-Matja\u0161i\u010d-v-pogovoru.ppsx\" target=\"_blank\" rel=\"noopener noreferrer\">MARJAN MATJA\u0160I\u010c V POGOVORU<\/a><\/h4>\n<hr \/>\n<h6>Naj bo v nadaljevanju <strong>Janez Stanovnik<\/strong>-&#8220;o\u010de naroda&#8221;\u00a0z novinarjem Bo\u0161tjanom Veseli\u010dem.<br \/>\n<strong>Klikni<\/strong> po sliki!<\/h6>\n<p><a href=\"https:\/\/www.youtube.com\/watch?v=xYyj-KU7IOY;t=151\" target=\"_blank\" rel=\"noopener noreferrer\"><img loading=\"lazy\" decoding=\"async\" class=\"alignnone wp-image-2495 size-medium\" src=\"https:\/\/zdruzenjeborcev-nobmb.si\/wp-content\/uploads\/2017\/05\/Stanovnik-300x217.jpg\" alt=\"\" width=\"300\" height=\"217\" \/><\/a><\/p>\n<hr \/>\n<pre>Spodaj je video slovesnosti\u00a0za\u00a0<strong>Dan \u017eena 2017<\/strong>, ki ga je organizirala <strong>Zveza zdru\u017eenj borcev NOB v Ljubljani.<\/strong>\r\n <b>Klik<\/b> po <strong>sliki!\r\n <\/strong>(Ko se po\u017eene, raz\u0161iri\u00a0prek celega ekrana,\u00a0nastavi zvok in u\u017eivaj!)<\/pre>\n<hr \/>\n<figure id=\"attachment_2162\" aria-describedby=\"caption-attachment-2162\" style=\"width: 700px\" class=\"wp-caption alignnone\"><a href=\"https:\/\/youtu.be\/9Tj4kP9p8ac?t=6\" target=\"_blank\" rel=\"noopener noreferrer\"><img loading=\"lazy\" decoding=\"async\" class=\"wp-image-2162 size-full\" src=\"https:\/\/zdruzenjeborcev-nobmb.si\/wp-content\/uploads\/2017\/04\/Za-dan-\u017eena-2017.jpg\" alt=\"\" width=\"700\" height=\"353\" srcset=\"https:\/\/zdruzenjeborcev-nobmb.si\/wp-content\/uploads\/2017\/04\/Za-dan-\u017eena-2017.jpg 700w, https:\/\/zdruzenjeborcev-nobmb.si\/wp-content\/uploads\/2017\/04\/Za-dan-\u017eena-2017-300x151.jpg 300w\" sizes=\"(max-width: 700px) 85vw, 700px\" \/><\/a><figcaption id=\"caption-attachment-2162\" class=\"wp-caption-text\">Dan \u017eena 2017<\/figcaption><\/figure>\n<hr \/>\n<p>Spodaj<strong>\u00a0je <\/strong>dalj\u0161i<strong>\u00a0<\/strong>video<strong> Dra\u017ego\u0161e, 8. 1. 2017<\/strong>, spominska prireditev <strong>ob\u00a0 75. letnici<\/strong> dra\u017ego\u0161ke bitke.<br \/>\n<strong>Klikni<\/strong> po <strong>sliki<\/strong>!\u00a0Raz\u0161iri\u00a0prek celega ekrana,\u00a0nastavi zvok in u\u017eivaj!<\/p>\n<figure id=\"attachment_2068\" aria-describedby=\"caption-attachment-2068\" style=\"width: 720px\" class=\"wp-caption alignnone\"><a href=\"https:\/\/www.youtube.com\/watch?v=C4Id03Bk5Rw&amp;feature=youtu.be&amp;t=40\" target=\"_blank\" rel=\"noopener noreferrer\"><img loading=\"lazy\" decoding=\"async\" class=\"wp-image-2068 size-full\" src=\"https:\/\/zdruzenjeborcev-nobmb.si\/wp-content\/uploads\/2017\/04\/Dra\u017ego\u0161e_-e1493940513966.jpg\" alt=\"\" width=\"720\" height=\"255\" \/><\/a><figcaption id=\"caption-attachment-2068\" class=\"wp-caption-text\">Dra\u017ego\u0161e 2017<\/figcaption><\/figure>\n<hr \/>\n<p>Spodaj je <strong>izvle\u010dek iz ob\u0161irnega videa<\/strong>, je govor <strong>Dr. Martina Premka\u00a0<\/strong>zgodovinarja in kustosa v Voja\u0161kem muzeju slovenske vojske v Pivki.<br \/>\nDr. Premk je avtor ve\u010d knjig, ki se ukvarjajo z nekaterimi vidiki slovenske zgodovine o katerih vemo premalo, na primer o Poljanski vstaji ali pa o delovanju povojnih diverzantskih skupin kot je Matja\u017eeva vojska. (<strong>Klik po sliki!<\/strong>)<\/p>\n<figure id=\"attachment_2098\" aria-describedby=\"caption-attachment-2098\" style=\"width: 729px\" class=\"wp-caption alignnone\"><a href=\"https:\/\/www.youtube.com\/watch?v=rxbvLNz7kpE&amp;feature=youtu.be&amp;t=1482\" target=\"_blank\" rel=\"noopener noreferrer\"><img loading=\"lazy\" decoding=\"async\" class=\"wp-image-2098 size-full\" title=\"Dr. Martin Premk zgodovinar in kustos v Voja\u0161kem muzeju slovenske vojske\" src=\"https:\/\/zdruzenjeborcev-nobmb.si\/wp-content\/uploads\/2017\/04\/Nartin-Premk1.jpg\" alt=\"\" width=\"729\" height=\"507\" srcset=\"https:\/\/zdruzenjeborcev-nobmb.si\/wp-content\/uploads\/2017\/04\/Nartin-Premk1.jpg 729w, https:\/\/zdruzenjeborcev-nobmb.si\/wp-content\/uploads\/2017\/04\/Nartin-Premk1-300x209.jpg 300w\" sizes=\"(max-width: 729px) 85vw, 729px\" \/><\/a><figcaption id=\"caption-attachment-2098\" class=\"wp-caption-text\">Dr. Martin Premk zgodovinar in kustos v Voja\u0161kem muzeju slovenske vojske v Pivki<\/figcaption><\/figure>\n<h6>Z dr. Premkom se\u00a0ne strinja\u00a0Nenad Gl\u00fccks, ki je\u00a09. januarja 2017 v Reporterju zapisal besedilo, ki je pravi primer\u00a0<strong>sovra\u017enega govora,\u00a0<\/strong><\/h6>\n<h4><strong><a href=\"https:\/\/zdruzenjeborcev-nobmb.si\/wp-content\/uploads\/2017\/04\/Poglejte.pdf\" target=\"_blank\" rel=\"noopener noreferrer\">POGLEJTE<\/a><\/strong><\/h4>\n<hr \/>\n<h6>Za primer poslu\u0161ajmo<b> Radio Maribor,\u00a0<\/b>25. sept. 2015, novinar<b> Tone Petelin\u0161ek <\/b>v pogovoru z dvema \u010dlanoma nekdanje SZDL&#8230;<\/h6>\n<h5>Klik po sliki!<\/h5>\n<figure id=\"attachment_1676\" aria-describedby=\"caption-attachment-1676\" style=\"width: 1024px\" class=\"wp-caption alignleft\"><a href=\"http:\/\/4d.rtvslo.si\/arhiv\/radijski-razgledi\/174362004\" target=\"_blank\" rel=\"noopener noreferrer\"><img loading=\"lazy\" decoding=\"async\" class=\"wp-image-1676 size-full\" src=\"https:\/\/zdruzenjeborcev-nobmb.si\/wp-content\/uploads\/2017\/04\/Radio-Maribor.jpg\" alt=\"\" width=\"1024\" height=\"422\" srcset=\"https:\/\/zdruzenjeborcev-nobmb.si\/wp-content\/uploads\/2017\/04\/Radio-Maribor.jpg 1024w, https:\/\/zdruzenjeborcev-nobmb.si\/wp-content\/uploads\/2017\/04\/Radio-Maribor-300x124.jpg 300w, https:\/\/zdruzenjeborcev-nobmb.si\/wp-content\/uploads\/2017\/04\/Radio-Maribor-768x317.jpg 768w\" sizes=\"(max-width: 709px) 85vw, (max-width: 909px) 67vw, (max-width: 1362px) 62vw, 840px\" \/><\/a><figcaption id=\"caption-attachment-1676\" class=\"wp-caption-text\">Vasja Lavri\u010d in \u0110uro \u0110akovac<\/figcaption><\/figure>\n<h6>Gotovo se boste zna\u0161li\u00a0na \u010dasovnem traku, poslu\u0161ajte in u\u017eivajte&#8230;<\/h6>\n<hr \/>\n<h6><span style=\"color: #000000;\">Poglejmo \u0161e Partizanske spomenike na Slovenskem<\/span><\/h6>\n<h5><strong>Klik po sliki!<\/strong><\/h5>\n<p><a href=\"https:\/\/www.youtube.com\/watch?v=bhU-4V01Oao\" target=\"_blank\" rel=\"noopener noreferrer\"><img loading=\"lazy\" decoding=\"async\" class=\"alignnone wp-image-2122 size-full\" src=\"https:\/\/zdruzenjeborcev-nobmb.si\/wp-content\/uploads\/2017\/04\/Slavko-Tihec6.jpg\" alt=\"Povezava na Partizanske spomenike\" width=\"290\" height=\"240\" \/><\/a><\/p>\n<hr \/>\n<h5>In \u0161e<\/h5>\n<h4><a href=\"https:\/\/youtu.be\/fqcdaryp9DQ?list=UU8Y_LcQBoa8QbU-c3Jzyujg\" target=\"_blank\" rel=\"noopener noreferrer\">KLIKNI TUKAJ IN POGLEJ!<\/a><\/h4>\n<hr \/>\n<h6>Smiljan Pu\u0161enjak nam predstavi nekaj znamenitosti\u00a0iz zgodovine Maribora<br \/>\n(raz\u0161iri sliko prek ekrana!):<\/h6>\n<h4><a href=\"https:\/\/youtu.be\/_PCUSVKEU7o\" target=\"_blank\" rel=\"noopener noreferrer\">EZL EK<\/a><\/h4>\n<hr \/>\n<h6><strong><span style=\"color: #cc9900;\"><span style=\"color: #000000;\">Reporter Milana<\/span> <\/span><\/strong>ima svoj pogled na spominske proslave NOB.<\/h6>\n<h6><span style=\"color: #000000;\"><strong>Pa poglejmo<\/strong><\/span> (klik po sliki!)&#8230;<\/h6>\n<p><a href=\"https:\/\/www.youtube.com\/watch?v=iXzmiVbXcgg\" target=\"_blank\" rel=\"noopener noreferrer\"><img loading=\"lazy\" decoding=\"async\" class=\"alignnone wp-image-2228 size-full\" title=\"Reporter Milan\" src=\"https:\/\/zdruzenjeborcev-nobmb.si\/wp-content\/uploads\/2017\/04\/Reporter-Milan.jpg\" alt=\"\" width=\"845\" height=\"679\" srcset=\"https:\/\/zdruzenjeborcev-nobmb.si\/wp-content\/uploads\/2017\/04\/Reporter-Milan.jpg 845w, https:\/\/zdruzenjeborcev-nobmb.si\/wp-content\/uploads\/2017\/04\/Reporter-Milan-300x241.jpg 300w, https:\/\/zdruzenjeborcev-nobmb.si\/wp-content\/uploads\/2017\/04\/Reporter-Milan-768x617.jpg 768w\" sizes=\"(max-width: 709px) 85vw, (max-width: 909px) 67vw, (max-width: 1362px) 62vw, 840px\" \/><\/a><\/p>\n<hr \/>\n<pre><b><span style=\"font-family: Georgia;\">Pripomba!<\/span><\/b> Seveda nam je na\u00a0Googlu odprta pot v njegov svet.\u00a0Ni pa nujno\u00a0slediti vsem neprimernim ali neprijetnim prispevkom...<\/pre>\n<h6>Kljub temu mislim, da bi si to spodaj morali ogledati:<\/h6>\n<h4><a href=\"https:\/\/youtu.be\/-_rcsR5vyzg?t=509\" target=\"_blank\" rel=\"noopener noreferrer\">NA ODBORU ZA OBRAMBO<\/a><\/h4>\n<hr \/>\n<h4><a href=\"https:\/\/maribor-pohorje.si\/slavni-ljudje.aspx\" target=\"_blank\" rel=\"noopener noreferrer\">NEKAJ SLAVNIH<\/a><\/h4>\n<hr \/>\n<h6>Pa \u0161e malo lepe glasbe:<\/h6>\n<p><iframe loading=\"lazy\" title=\"Dobrodelni koncert HD Soroptimist ob dnevu \u017eena\" width=\"840\" height=\"473\" src=\"https:\/\/www.youtube.com\/embed\/g9Aus5W0pjo?start=111&#038;feature=oembed\" frameborder=\"0\" allow=\"accelerometer; autoplay; clipboard-write; encrypted-media; gyroscope; picture-in-picture\" allowfullscreen><\/iframe><\/p>\n<hr \/>\n<p>&nbsp;<\/p>\n","protected":false},"excerpt":{"rendered":"<p>Za vse malo manj mlade nekaj malega nostalgije. Ko klikne\u0161 povezavo TOTI, odpre\u0161 PowerPoint predstavitev, potem samo klikaj ali s smerno pu\u0161\u010dico tipaj! TOTI-NA\u0160 STARI MARIBOR Poglejmo \u0161e naslednjo PowerPoint predstavitev: Dan spomina na mrtve, KOMEMORACIJA 2017 In \u0161e ve\u010d jih je, na pr. MARJAN MATJA\u0160I\u010c V POGOVORU Naj bo v nadaljevanju Janez Stanovnik-&#8220;o\u010de naroda&#8221;\u00a0z &hellip; <a href=\"https:\/\/zdruzenjeborcev-nobmb.si\/?page_id=2343\" class=\"more-link\">Preberi ve\u010d<span class=\"screen-reader-text\"> &#8220;Videi&#8221;<\/span><\/a><\/p>\n","protected":false},"author":1,"featured_media":0,"parent":0,"menu_order":0,"comment_status":"closed","ping_status":"closed","template":"","meta":{"footnotes":""},"_links":{"self":[{"href":"https:\/\/zdruzenjeborcev-nobmb.si\/index.php?rest_route=\/wp\/v2\/pages\/2343"}],"collection":[{"href":"https:\/\/zdruzenjeborcev-nobmb.si\/index.php?rest_route=\/wp\/v2\/pages"}],"about":[{"href":"https:\/\/zdruzenjeborcev-nobmb.si\/index.php?rest_route=\/wp\/v2\/types\/page"}],"author":[{"embeddable":true,"href":"https:\/\/zdruzenjeborcev-nobmb.si\/index.php?rest_route=\/wp\/v2\/users\/1"}],"replies":[{"embeddable":true,"href":"https:\/\/zdruzenjeborcev-nobmb.si\/index.php?rest_route=%2Fwp%2Fv2%2Fcomments&post=2343"}],"version-history":[{"count":74,"href":"https:\/\/zdruzenjeborcev-nobmb.si\/index.php?rest_route=\/wp\/v2\/pages\/2343\/revisions"}],"predecessor-version":[{"id":6235,"href":"https:\/\/zdruzenjeborcev-nobmb.si\/index.php?rest_route=\/wp\/v2\/pages\/2343\/revisions\/6235"}],"wp:attachment":[{"href":"https:\/\/zdruzenjeborcev-nobmb.si\/index.php?rest_route=%2Fwp%2Fv2%2Fmedia&parent=2343"}],"curies":[{"name":"wp","href":"https:\/\/api.w.org\/{rel}","templated":true}]}}